{"id":45263,"date":"2023-03-08T17:22:04","date_gmt":"2023-03-08T16:22:04","guid":{"rendered":"https:\/\/in-my-world.com\/2-ludipilates\/?post_type=tribe_events&#038;p=45263"},"modified":"2023-07-10T19:56:30","modified_gmt":"2023-07-10T17:56:30","slug":"pilates-yoga-a-terra-quinta-lisbonne-portugal","status":"publish","type":"tribe_events","link":"https:\/\/in-my-world.com\/2-ludipilates\/event\/pilates-yoga-a-terra-quinta-lisbonne-portugal\/","title":{"rendered":"Pilates &#038; Yoga \u00e0 Terra Quinta, Lisbonne, Portugal"},"content":{"rendered":"<p><strong>ESCAPADE COMPL\u00c8TE<\/strong><\/p>\n<p><span style=\"font-size: 17px;\"><strong><span class=\"color_11\">PILATES &amp; YOGA<\/span><\/strong><\/span><\/p>\n<div data-mesh-id=\"comp-leoduwg9inlineContent-gridContainer\" data-testid=\"mesh-container-content\">\n<div id=\"comp-leoduwim3\" class=\"KcpHeO tz5f0K comp-leoduwim3 wixui-text\" data-testid=\"richTextElement\">\n<p class=\"font_8\"><span style=\"font-size: 16px;\">5 jours remplis d\u2019\u00e9nergie, de dynamisme mais aussi de calme et de douceur pour entrer sereinement dans la p\u00e9riode automnale<\/span><\/p>\n<p class=\"font_8\"><em><span style=\"font-size: 16px;\"><strong><span class=\"color_16\">DESCRIPTION<\/span><\/strong><\/span><\/em><\/p>\n<p class=\"font_8\"><span class=\"color_16\" style=\"font-size: 16px;\">Cette escapade de Pilates &amp; Yoga se d\u00e9roulera sur 5 jours 4 nuits et comprend :<\/span><\/p>\n<p><span class=\"color_16\" style=\"font-size: 16px;\">8 cours et 1 atelier :<\/span><\/p>\n<ul>\n<li style=\"list-style-type: none;\">\n<ul>\n<li><span class=\"color_16\" style=\"font-size: 16px;\">4 cours de Pilates d\u2019une dur\u00e9e d\u20191h30<\/span><\/li>\n<li><span class=\"color_16\" style=\"font-size: 16px;\">3 cours de Yoga le soir d\u2019une dur\u00e9e d\u20191h00 anim\u00e9s par Typhaine<\/span><\/li>\n<li><span class=\"color_16\" style=\"font-size: 16px;\">1 conf\u00e9rence D\u00e9couverte M\u00e9decine Chinoise suivi d\u2019un cours de Yin Yoga sp\u00e9cial M\u00e9ridiens<\/span><\/li>\n<li><span class=\"color_16\" style=\"font-size: 16px;\">\u00a01 atelier Boite \u00e0 outils de l\u2019automne co-anim\u00e9 avec Typhaine d\u2019une dur\u00e9e de 2h<\/span><\/li>\n<li><span style=\"font-size: 16px;\"><span class=\"color_16\">\u00a0<\/span><span class=\"color_16\">2 d\u00e9licieux repas v\u00e9g\u00e9tariens par jour<\/span><\/span><\/li>\n<li>1 soir\u00e9e de danse extatique<\/li>\n<\/ul>\n<\/li>\n<\/ul>\n<p class=\"font_8\"><span style=\"font-size: 16px;\"><span class=\"wixGuard\">\u200b<\/span><strong><em><span class=\"color_16\">QUI EST TYPHAINE ? <\/span><\/em><\/strong><span class=\"color_16\">Typhaine Lerichomme est <\/span><span class=\"color_16\">praticienne et formatrice en M\u00e9decine Traditionnelle chinoise (MTC) et enseignante de\u00a0<\/span><span class=\"color_16\">Yoga, Elle proposera des cours de<\/span><span class=\"color_16\">\u00a0Yin Yoga ainsi qu\u2019une conf\u00e9rence de d\u00e9couverte \u00e0 la MTC.<\/span><\/span><\/p>\n<\/div>\n<\/div>\n<p><em><strong><span style=\"font-size: 16px;\">Les tarifs :<\/span><\/strong><\/em><\/p>\n<ul>\n<li><span style=\"font-size: 16px;\">940 \u20ac par personne pour 5 jours et 4 nuits en chambre de 3.<\/span><\/li>\n<li><span style=\"font-size: 16px;\">1000\u20ac en chambre de 2<\/span><\/li>\n<li><span style=\"font-size: 16px;\">H\u00e9bergement, pension compl\u00e8te et cours inclus.<\/span><\/li>\n<li><span style=\"font-size: 16px;\">Transports non inclus (avion \/ taxi \/ location de voiture)<\/span><\/li>\n<li><span style=\"font-size: 16px;\">Infos vols : aller au d\u00e9part de Paris Orly -&gt; Lisbonne avec Transavia vendredi 29\/09 \u00e0 11.00 et retour Lisbonne -&gt; Paris Orly : mardi 02\/10 \u00e0 16h40<\/span><\/li>\n<\/ul>\n<p><strong><span style=\"font-size: 16px;\">La r\u00e9servation \/ CONDITION D&rsquo;ANNULATION :<\/span><\/strong><\/p>\n<p><span style=\"font-size: 16px;\">sur le site de Terra Quinta directement<\/span><\/p>\n<p><span style=\"font-size: 16px;\"><strong>En cas d\u2019annulation du\/de la participant(e) :<\/strong><\/span><\/p>\n<p><span style=\"font-size: 16px;\">&#8211; Si la r\u00e9servation est annul\u00e9e 3 mois et plus avant votre s\u00e9jour, vous recevrez un remboursement complet.<\/span><\/p>\n<p><span style=\"font-size: 16px;\">&#8211; Si la r\u00e9servation est annul\u00e9e moins de 90 jours avant la retraite, il n&rsquo;y aura aucun remboursement possible.<\/span><\/p>\n<p><span style=\"font-size: 16px;\"><strong>\u2026\u2026\u2026<\/strong><\/span><\/p>\n<p><strong><span style=\"font-size: 16px;\">En cas d\u2019annulation par l\u2019organisateur : <\/span><\/strong><span style=\"font-size: 16px;\">Le montant total peut \u00eatre rembours\u00e9 ou faire l&rsquo;objet d&rsquo;un avoir pour une prochaine retraite.<\/span><\/p>\n<p>&nbsp;<\/p>\n<p>&nbsp;<\/p>\n","protected":false},"excerpt":{"rendered":"<p>ESCAPADE COMPL\u00c8TE PILATES &amp; YOGA 5 jours remplis d\u2019\u00e9nergie, de dynamisme mais aussi de calme et de douceur pour entrer sereinement dans la p\u00e9riode automnale DESCRIPTION Cette escapade de Pilates [&hellip;] <\/p>\n<p class=\"link-more\"><a href=\"https:\/\/in-my-world.com\/2-ludipilates\/event\/pilates-yoga-a-terra-quinta-lisbonne-portugal\/\">+ Lire la suite<\/a><\/p>\n","protected":false},"author":4875,"featured_media":45265,"comment_status":"open","ping_status":"closed","template":"","meta":{"_price":"","_stock":"","_tribe_ticket_header":"","_tribe_default_ticket_provider":"Tribe__Tickets_Plus__Commerce__WooCommerce__Main","_tribe_ticket_capacity":"","_ticket_start_date":"","_ticket_end_date":"","_tribe_ticket_show_description":"","_tribe_ticket_show_not_going":false,"_tribe_ticket_use_global_stock":"","_tribe_ticket_global_stock_level":"","_global_stock_mode":"","_global_stock_cap":"","_tribe_rsvp_for_event":"","_tribe_ticket_going_count":"","_tribe_ticket_not_going_count":"","_tribe_tickets_list":[],"_tribe_ticket_has_attendee_info_fields":false,"_tribe_events_status":"","_tribe_events_status_reason":"","_tribe_events_is_hybrid":"","_tribe_events_is_virtual":"","_tribe_events_virtual_video_source":"","_tribe_events_virtual_embed_video":"","_tribe_events_virtual_linked_button_text":"","_tribe_events_virtual_linked_button":"","_tribe_events_virtual_show_embed_at":"","_tribe_events_virtual_show_embed_to":"","_tribe_events_virtual_show_on_event":"","_tribe_events_virtual_show_on_views":"","_tribe_events_virtual_url":"","footnotes":""},"tags":[],"tribe_events_cat":[108],"class_list":["post-45263","tribe_events","type-tribe_events","status-publish","has-post-thumbnail","hentry","tribe_events_cat-retraites","cat_retraites"],"yoast_head":"<!-- This site is optimized with the Yoast SEO plugin v19.9 - https:\/\/yoast.com\/wordpress\/plugins\/seo\/ -->\n<title>Pilates &amp; Yoga \u00e0 Terra Quinta, Lisbonne, Portugal - Ludipilates<\/title>\n<meta name=\"robots\" content=\"index, follow, max-snippet:-1, max-image-preview:large, max-video-preview:-1\" \/>\n<link rel=\"canonical\" href=\"https:\/\/in-my-world.com\/2-ludipilates\/event\/pilates-yoga-a-terra-quinta-lisbonne-portugal\/\" \/>\n<meta property=\"og:locale\" content=\"fr_FR\" \/>\n<meta property=\"og:type\" content=\"article\" \/>\n<meta property=\"og:title\" content=\"Pilates &amp; Yoga \u00e0 Terra Quinta, Lisbonne, Portugal - Ludipilates\" \/>\n<meta property=\"og:description\" content=\"ESCAPADE COMPL\u00c8TE PILATES &amp; YOGA 5 jours remplis d\u2019\u00e9nergie, de dynamisme mais aussi de calme et de douceur pour entrer sereinement dans la p\u00e9riode automnale DESCRIPTION Cette escapade de Pilates [&hellip;] + Lire la suite\" \/>\n<meta property=\"og:url\" content=\"https:\/\/in-my-world.com\/2-ludipilates\/event\/pilates-yoga-a-terra-quinta-lisbonne-portugal\/\" \/>\n<meta property=\"og:site_name\" content=\"Ludipilates\" \/>\n<meta property=\"article:publisher\" content=\"https:\/\/fr-fr.facebook.com\/lugdivinemeytre\" \/>\n<meta property=\"article:modified_time\" content=\"2023-07-10T17:56:30+00:00\" \/>\n<meta property=\"og:image\" content=\"https:\/\/in-my-world.com\/2-ludipilates\/wp-content\/uploads\/2023\/03\/46727cc5-54b0-482d-ba1b-ea750fc21fc1-1.jpg\" \/>\n\t<meta property=\"og:image:width\" content=\"1024\" \/>\n\t<meta property=\"og:image:height\" content=\"768\" \/>\n\t<meta property=\"og:image:type\" content=\"image\/jpeg\" \/>\n<meta name=\"twitter:card\" content=\"summary_large_image\" \/>\n<meta name=\"twitter:label1\" content=\"Dur\u00e9e de lecture estim\u00e9e\" \/>\n\t<meta name=\"twitter:data1\" content=\"2 minutes\" \/>\n<script type=\"application\/ld+json\" class=\"yoast-schema-graph\">{\"@context\":\"https:\/\/schema.org\",\"@graph\":[{\"@type\":\"WebPage\",\"@id\":\"https:\/\/in-my-world.com\/2-ludipilates\/event\/pilates-yoga-a-terra-quinta-lisbonne-portugal\/\",\"url\":\"https:\/\/in-my-world.com\/2-ludipilates\/event\/pilates-yoga-a-terra-quinta-lisbonne-portugal\/\",\"name\":\"Pilates & Yoga \u00e0 Terra Quinta, Lisbonne, Portugal - Ludipilates\",\"isPartOf\":{\"@id\":\"https:\/\/in-my-world.com\/2-ludipilates\/#website\"},\"datePublished\":\"2023-03-08T16:22:04+00:00\",\"dateModified\":\"2023-07-10T17:56:30+00:00\",\"breadcrumb\":{\"@id\":\"https:\/\/in-my-world.com\/2-ludipilates\/event\/pilates-yoga-a-terra-quinta-lisbonne-portugal\/#breadcrumb\"},\"inLanguage\":\"fr-FR\",\"potentialAction\":[{\"@type\":\"ReadAction\",\"target\":[\"https:\/\/in-my-world.com\/2-ludipilates\/event\/pilates-yoga-a-terra-quinta-lisbonne-portugal\/\"]}]},{\"@type\":\"BreadcrumbList\",\"@id\":\"https:\/\/in-my-world.com\/2-ludipilates\/event\/pilates-yoga-a-terra-quinta-lisbonne-portugal\/#breadcrumb\",\"itemListElement\":[{\"@type\":\"ListItem\",\"position\":1,\"name\":\"Home\",\"item\":\"https:\/\/in-my-world.com\/2-ludipilates\/\"},{\"@type\":\"ListItem\",\"position\":2,\"name\":\"\u00c9v\u00e8nements\",\"item\":\"https:\/\/in-my-world.com\/2-ludipilates\/events\/\"},{\"@type\":\"ListItem\",\"position\":3,\"name\":\"Pilates &#038; Yoga \u00e0 Terra Quinta, Lisbonne, Portugal\"}]},{\"@type\":\"WebSite\",\"@id\":\"https:\/\/in-my-world.com\/2-ludipilates\/#website\",\"url\":\"https:\/\/in-my-world.com\/2-ludipilates\/\",\"name\":\"Ludipilates\",\"description\":\"Pilates instructor Balanced Body &amp; Classique\",\"publisher\":{\"@id\":\"https:\/\/in-my-world.com\/2-ludipilates\/#organization\"},\"potentialAction\":[{\"@type\":\"SearchAction\",\"target\":{\"@type\":\"EntryPoint\",\"urlTemplate\":\"https:\/\/in-my-world.com\/2-ludipilates\/?s={search_term_string}\"},\"query-input\":\"required name=search_term_string\"}],\"inLanguage\":\"fr-FR\"},{\"@type\":\"Organization\",\"@id\":\"https:\/\/in-my-world.com\/2-ludipilates\/#organization\",\"name\":\"Ludipilates\",\"url\":\"https:\/\/in-my-world.com\/2-ludipilates\/\",\"logo\":{\"@type\":\"ImageObject\",\"inLanguage\":\"fr-FR\",\"@id\":\"https:\/\/in-my-world.com\/2-ludipilates\/#\/schema\/logo\/image\/\",\"url\":\"https:\/\/in-my-world.com\/2-ludipilates\/wp-content\/uploads\/2022\/10\/0922_Ludi@Kwerk_17-scaled.jpg\",\"contentUrl\":\"https:\/\/in-my-world.com\/2-ludipilates\/wp-content\/uploads\/2022\/10\/0922_Ludi@Kwerk_17-scaled.jpg\",\"width\":2560,\"height\":1707,\"caption\":\"Ludipilates\"},\"image\":{\"@id\":\"https:\/\/in-my-world.com\/2-ludipilates\/#\/schema\/logo\/image\/\"},\"sameAs\":[\"https:\/\/www.instagram.com\/ludipilates\/\",\"https:\/\/fr.linkedin.com\/in\/lugdivine-meytre-1a36b2\",\"https:\/\/fr-fr.facebook.com\/lugdivinemeytre\"]}]}<\/script>\n<!-- \/ Yoast SEO plugin. -->","yoast_head_json":{"title":"Pilates & Yoga \u00e0 Terra Quinta, Lisbonne, Portugal - Ludipilates","robots":{"index":"index","follow":"follow","max-snippet":"max-snippet:-1","max-image-preview":"max-image-preview:large","max-video-preview":"max-video-preview:-1"},"canonical":"https:\/\/in-my-world.com\/2-ludipilates\/event\/pilates-yoga-a-terra-quinta-lisbonne-portugal\/","og_locale":"fr_FR","og_type":"article","og_title":"Pilates & Yoga \u00e0 Terra Quinta, Lisbonne, Portugal - Ludipilates","og_description":"ESCAPADE COMPL\u00c8TE PILATES &amp; YOGA 5 jours remplis d\u2019\u00e9nergie, de dynamisme mais aussi de calme et de douceur pour entrer sereinement dans la p\u00e9riode automnale DESCRIPTION Cette escapade de Pilates [&hellip;] + Lire la suite","og_url":"https:\/\/in-my-world.com\/2-ludipilates\/event\/pilates-yoga-a-terra-quinta-lisbonne-portugal\/","og_site_name":"Ludipilates","article_publisher":"https:\/\/fr-fr.facebook.com\/lugdivinemeytre","article_modified_time":"2023-07-10T17:56:30+00:00","og_image":[{"width":1024,"height":768,"url":"https:\/\/in-my-world.com\/2-ludipilates\/wp-content\/uploads\/2023\/03\/46727cc5-54b0-482d-ba1b-ea750fc21fc1-1.jpg","type":"image\/jpeg"}],"twitter_card":"summary_large_image","twitter_misc":{"Dur\u00e9e de lecture estim\u00e9e":"2 minutes"},"schema":{"@context":"https:\/\/schema.org","@graph":[{"@type":"WebPage","@id":"https:\/\/in-my-world.com\/2-ludipilates\/event\/pilates-yoga-a-terra-quinta-lisbonne-portugal\/","url":"https:\/\/in-my-world.com\/2-ludipilates\/event\/pilates-yoga-a-terra-quinta-lisbonne-portugal\/","name":"Pilates & Yoga \u00e0 Terra Quinta, Lisbonne, Portugal - Ludipilates","isPartOf":{"@id":"https:\/\/in-my-world.com\/2-ludipilates\/#website"},"datePublished":"2023-03-08T16:22:04+00:00","dateModified":"2023-07-10T17:56:30+00:00","breadcrumb":{"@id":"https:\/\/in-my-world.com\/2-ludipilates\/event\/pilates-yoga-a-terra-quinta-lisbonne-portugal\/#breadcrumb"},"inLanguage":"fr-FR","potentialAction":[{"@type":"ReadAction","target":["https:\/\/in-my-world.com\/2-ludipilates\/event\/pilates-yoga-a-terra-quinta-lisbonne-portugal\/"]}]},{"@type":"BreadcrumbList","@id":"https:\/\/in-my-world.com\/2-ludipilates\/event\/pilates-yoga-a-terra-quinta-lisbonne-portugal\/#breadcrumb","itemListElement":[{"@type":"ListItem","position":1,"name":"Home","item":"https:\/\/in-my-world.com\/2-ludipilates\/"},{"@type":"ListItem","position":2,"name":"\u00c9v\u00e8nements","item":"https:\/\/in-my-world.com\/2-ludipilates\/events\/"},{"@type":"ListItem","position":3,"name":"Pilates &#038; Yoga \u00e0 Terra Quinta, Lisbonne, Portugal"}]},{"@type":"WebSite","@id":"https:\/\/in-my-world.com\/2-ludipilates\/#website","url":"https:\/\/in-my-world.com\/2-ludipilates\/","name":"Ludipilates","description":"Pilates instructor Balanced Body &amp; Classique","publisher":{"@id":"https:\/\/in-my-world.com\/2-ludipilates\/#organization"},"potentialAction":[{"@type":"SearchAction","target":{"@type":"EntryPoint","urlTemplate":"https:\/\/in-my-world.com\/2-ludipilates\/?s={search_term_string}"},"query-input":"required name=search_term_string"}],"inLanguage":"fr-FR"},{"@type":"Organization","@id":"https:\/\/in-my-world.com\/2-ludipilates\/#organization","name":"Ludipilates","url":"https:\/\/in-my-world.com\/2-ludipilates\/","logo":{"@type":"ImageObject","inLanguage":"fr-FR","@id":"https:\/\/in-my-world.com\/2-ludipilates\/#\/schema\/logo\/image\/","url":"https:\/\/in-my-world.com\/2-ludipilates\/wp-content\/uploads\/2022\/10\/0922_Ludi@Kwerk_17-scaled.jpg","contentUrl":"https:\/\/in-my-world.com\/2-ludipilates\/wp-content\/uploads\/2022\/10\/0922_Ludi@Kwerk_17-scaled.jpg","width":2560,"height":1707,"caption":"Ludipilates"},"image":{"@id":"https:\/\/in-my-world.com\/2-ludipilates\/#\/schema\/logo\/image\/"},"sameAs":["https:\/\/www.instagram.com\/ludipilates\/","https:\/\/fr.linkedin.com\/in\/lugdivine-meytre-1a36b2","https:\/\/fr-fr.facebook.com\/lugdivinemeytre"]}]}},"ticketed":false,"_links":{"self":[{"href":"https:\/\/in-my-world.com\/2-ludipilates\/wp-json\/wp\/v2\/tribe_events\/45263","targetHints":{"allow":["GET"]}}],"collection":[{"href":"https:\/\/in-my-world.com\/2-ludipilates\/wp-json\/wp\/v2\/tribe_events"}],"about":[{"href":"https:\/\/in-my-world.com\/2-ludipilates\/wp-json\/wp\/v2\/types\/tribe_events"}],"author":[{"embeddable":true,"href":"https:\/\/in-my-world.com\/2-ludipilates\/wp-json\/wp\/v2\/users\/4875"}],"replies":[{"embeddable":true,"href":"https:\/\/in-my-world.com\/2-ludipilates\/wp-json\/wp\/v2\/comments?post=45263"}],"version-history":[{"count":8,"href":"https:\/\/in-my-world.com\/2-ludipilates\/wp-json\/wp\/v2\/tribe_events\/45263\/revisions"}],"predecessor-version":[{"id":47145,"href":"https:\/\/in-my-world.com\/2-ludipilates\/wp-json\/wp\/v2\/tribe_events\/45263\/revisions\/47145"}],"wp:featuredmedia":[{"embeddable":true,"href":"https:\/\/in-my-world.com\/2-ludipilates\/wp-json\/wp\/v2\/media\/45265"}],"wp:attachment":[{"href":"https:\/\/in-my-world.com\/2-ludipilates\/wp-json\/wp\/v2\/media?parent=45263"}],"wp:term":[{"taxonomy":"post_tag","embeddable":true,"href":"https:\/\/in-my-world.com\/2-ludipilates\/wp-json\/wp\/v2\/tags?post=45263"},{"taxonomy":"tribe_events_cat","embeddable":true,"href":"https:\/\/in-my-world.com\/2-ludipilates\/wp-json\/wp\/v2\/tribe_events_cat?post=45263"}],"curies":[{"name":"wp","href":"https:\/\/api.w.org\/{rel}","templated":true}]}}