{"id":45233,"date":"2023-03-07T15:36:59","date_gmt":"2023-03-07T14:36:59","guid":{"rendered":"https:\/\/in-my-world.com\/2-ludipilates\/?post_type=tribe_events&#038;p=45233"},"modified":"2023-03-07T15:58:01","modified_gmt":"2023-03-07T14:58:01","slug":"pilates-energie-a-faro-portugal","status":"publish","type":"tribe_events","link":"https:\/\/in-my-world.com\/2-ludipilates\/event\/pilates-energie-a-faro-portugal\/","title":{"rendered":"Pilates Energie \u00e0 Faro, Portugal"},"content":{"rendered":"<h5>PILATES energie \u00e0 CASA FUZETTA<\/h5>\n<p class=\"_04xlpA direction-ltr align-center para-style-body\"><span class=\"S1PPyQ\">La Casa Fuzetta<\/span><span class=\"S1PPyQ\"> est une maison priv\u00e9e qui se situe \u00e0 Olhao, ravissant village de p\u00eacheurs, tout pr\u00e8s de Faro au Portugal. Elle a \u00e9t\u00e9 class\u00e9e pendant 2 ann\u00e9es d&rsquo;affil\u00e9e par Travel &amp; Leisure dans les 10 plus beaux endroits d\u00e9di\u00e9s aux retraites de Yoga au monde.<\/span><\/p>\n<p class=\"_04xlpA direction-ltr align-center para-style-body\"><span class=\"S1PPyQ\">L&rsquo;endroit est exceptionnel, avec un rooftop d\u00e9di\u00e9 \u00e0 la pratique o\u00f9 nous pourrons \u00ab\u00a0pilater\u00a0\u00bb matin et soir, au bord de la piscine. <\/span><\/p>\n<p class=\"_04xlpA direction-ltr align-center para-style-body\"><span class=\"S1PPyQ\">Le chef \u00e0 domicile &#8211; The Farmhouse Project &#8211; est excellent. Test\u00e9 et approuv\u00e9 lors d&rsquo;une pr\u00e9c\u00e9dente escapade dans les environs, j&rsquo;ai h\u00e2te qu&rsquo;il vous fasse d\u00e9couvrir ses petites recettes healthy.<\/span><\/p>\n<p class=\"_04xlpA direction-ltr align-center para-style-body\"><span class=\"S1PPyQ\">soleil, piscine, Pilates, de bons repas, et du repos \ud83d\ude42<\/span><\/p>\n<p>6 jours et 5 nuits sur place pour se ressourcer, faire le plein de soleil et d&rsquo;\u00e9nergie au contact de la nature dans cet endroit magique, le domaine de la Colline des Oliviers \u00e0 Essaouira.<\/p>\n<p>Du Pilates, des respirations conscientes, de la relaxation, mais aussi de la danse, des randonn\u00e9es, des massages, la plage. Bref : 6 jours pour se faire du bien dans un endroit magique !<\/p>\n<h5>Au programme :<\/h5>\n<ul>\n<li>Deux classes de Pilates par jour, sur tapis et dans la piscine<\/li>\n<li>Des repas d\u00e9licieux pr\u00e9par\u00e9s par Jonathan et H\u00e9l\u00e8ne, un couple franco-britannique \u00e0 la t\u00eate de The Farmhouse project.<\/li>\n<li>D\u00e9tente au bord de la piscine ou \u00e0 la plage<\/li>\n<\/ul>\n<h5>Les tarifs :<\/h5>\n<ul>\n<li>1095 \u20ac par personne pour 6 jours et 5 nuits. M&rsquo;\u00e9crire sur lmeytre@gmail.com pour r\u00e9server<\/li>\n<li>H\u00e9bergement, pension compl\u00e8te et cours de Pilates inclus.<\/li>\n<li>Transports non inclus (avion \/ taxi)<\/li>\n<li>Infos vols : aller au d\u00e9part de Paris Orly -&gt; Faro avec Transavia: 19\/06 \u00e0 11h05. Retour Faro -&gt; Paris Orly : mardi 02\/05 (matin ou apr\u00e8s-midi au choix)<\/li>\n<\/ul>\n<h5>Le lieu :<\/h5>\n<ul>\n<li>La Casa Fuzetta est \u00e0 Olhao, \u00e0 15 minutes de l&rsquo;a\u00e9roport international de Faro.<\/li>\n<\/ul>\n<h5>La r\u00e9servation\u00a0:<\/h5>\n<p>Il y a 20 places pour cette escapade.<\/p>\n<p>Il en reste 2. Je ne prends jamais les r\u00e9servations sur mon site.qui sert \u00e0 vous donner les informations g\u00e9n\u00e9rales sur le s\u00e9jour (programme, tarifs etc). En effet, j&rsquo;ai besoin d&rsquo;abord de connaitre votre niveau en Pilates, votre condition physique g\u00e9n\u00e9rale pour profiter au mieux de votre escapade sur place. Cela me permet d&rsquo;organiser des groupes homog\u00e8nes. On peut d\u00e9buter en Pilates mais avoir une super condition physique par ailleurs !!<\/p>\n<p>Une fois que je vous donne mon feu vert, un acompte de 50% du s\u00e9jour vous est demand\u00e9 pour bloquer votre place ainsi que la signature d&rsquo;un bon de r\u00e9servation qui pr\u00e9cise \u00e9galement les conditions d&rsquo;annulation (l&rsquo;inscription est ferme et d\u00e9finitive 3 mois avant pour info, donc pensez aux assurances si un impr\u00e9vu pointe le bout de son nez !).\u00a0 L&rsquo;acompte n&rsquo;est pas rembours\u00e9 mais d\u00e9cal\u00e9 \u00e0 une autre escapade.<\/p>\n<p>Mon mail : lmeytre@gmail.com<\/p>\n<p>A tr\u00e8s vite !<\/p>\n<p>&nbsp;<\/p>\n<p>&nbsp;<\/p>\n","protected":false},"excerpt":{"rendered":"<p>PILATES energie \u00e0 CASA FUZETTA La Casa Fuzetta est une maison priv\u00e9e qui se situe \u00e0 Olhao, ravissant village de p\u00eacheurs, tout pr\u00e8s de Faro au Portugal. Elle a \u00e9t\u00e9 [&hellip;] <\/p>\n<p class=\"link-more\"><a href=\"https:\/\/in-my-world.com\/2-ludipilates\/event\/pilates-energie-a-faro-portugal\/\">+ Lire la suite<\/a><\/p>\n","protected":false},"author":4875,"featured_media":45238,"comment_status":"open","ping_status":"closed","template":"","meta":{"_price":"","_stock":"","_tribe_ticket_header":"","_tribe_default_ticket_provider":"Tribe__Tickets_Plus__Commerce__WooCommerce__Main","_tribe_ticket_capacity":"","_ticket_start_date":"","_ticket_end_date":"","_tribe_ticket_show_description":"","_tribe_ticket_show_not_going":false,"_tribe_ticket_use_global_stock":"","_tribe_ticket_global_stock_level":"","_global_stock_mode":"","_global_stock_cap":"","_tribe_rsvp_for_event":"","_tribe_ticket_going_count":"","_tribe_ticket_not_going_count":"","_tribe_tickets_list":[],"_tribe_ticket_has_attendee_info_fields":false,"_tribe_events_status":"","_tribe_events_status_reason":"","_tribe_events_is_hybrid":"","_tribe_events_is_virtual":"","_tribe_events_virtual_video_source":"","_tribe_events_virtual_embed_video":"","_tribe_events_virtual_linked_button_text":"","_tribe_events_virtual_linked_button":"","_tribe_events_virtual_show_embed_at":"","_tribe_events_virtual_show_embed_to":"","_tribe_events_virtual_show_on_event":"","_tribe_events_virtual_show_on_views":"","_tribe_events_virtual_url":"","footnotes":""},"tags":[],"tribe_events_cat":[108],"class_list":["post-45233","tribe_events","type-tribe_events","status-publish","has-post-thumbnail","hentry","tribe_events_cat-retraites","cat_retraites"],"yoast_head":"<!-- This site is optimized with the Yoast SEO plugin v19.9 - https:\/\/yoast.com\/wordpress\/plugins\/seo\/ -->\n<title>Pilates Energie \u00e0 Faro, Portugal - Ludipilates<\/title>\n<meta name=\"robots\" content=\"index, follow, max-snippet:-1, max-image-preview:large, max-video-preview:-1\" \/>\n<link rel=\"canonical\" href=\"https:\/\/in-my-world.com\/2-ludipilates\/event\/pilates-energie-a-faro-portugal\/\" \/>\n<meta property=\"og:locale\" content=\"fr_FR\" \/>\n<meta property=\"og:type\" content=\"article\" \/>\n<meta property=\"og:title\" content=\"Pilates Energie \u00e0 Faro, Portugal - Ludipilates\" \/>\n<meta property=\"og:description\" content=\"PILATES energie \u00e0 CASA FUZETTA La Casa Fuzetta est une maison priv\u00e9e qui se situe \u00e0 Olhao, ravissant village de p\u00eacheurs, tout pr\u00e8s de Faro au Portugal. Elle a \u00e9t\u00e9 [&hellip;] + Lire la suite\" \/>\n<meta property=\"og:url\" content=\"https:\/\/in-my-world.com\/2-ludipilates\/event\/pilates-energie-a-faro-portugal\/\" \/>\n<meta property=\"og:site_name\" content=\"Ludipilates\" \/>\n<meta property=\"article:publisher\" content=\"https:\/\/fr-fr.facebook.com\/lugdivinemeytre\" \/>\n<meta property=\"article:modified_time\" content=\"2023-03-07T14:58:01+00:00\" \/>\n<meta property=\"og:image\" content=\"https:\/\/in-my-world.com\/2-ludipilates\/wp-content\/uploads\/2023\/03\/yoga-deck-casa-fuzetta-18-scaled.jpg\" \/>\n\t<meta property=\"og:image:width\" content=\"2560\" \/>\n\t<meta property=\"og:image:height\" content=\"1709\" \/>\n\t<meta property=\"og:image:type\" content=\"image\/jpeg\" \/>\n<meta name=\"twitter:card\" content=\"summary_large_image\" \/>\n<meta name=\"twitter:label1\" content=\"Dur\u00e9e de lecture estim\u00e9e\" \/>\n\t<meta name=\"twitter:data1\" content=\"3 minutes\" \/>\n<script type=\"application\/ld+json\" class=\"yoast-schema-graph\">{\"@context\":\"https:\/\/schema.org\",\"@graph\":[{\"@type\":\"WebPage\",\"@id\":\"https:\/\/in-my-world.com\/2-ludipilates\/event\/pilates-energie-a-faro-portugal\/\",\"url\":\"https:\/\/in-my-world.com\/2-ludipilates\/event\/pilates-energie-a-faro-portugal\/\",\"name\":\"Pilates Energie \u00e0 Faro, Portugal - Ludipilates\",\"isPartOf\":{\"@id\":\"https:\/\/in-my-world.com\/2-ludipilates\/#website\"},\"datePublished\":\"2023-03-07T14:36:59+00:00\",\"dateModified\":\"2023-03-07T14:58:01+00:00\",\"breadcrumb\":{\"@id\":\"https:\/\/in-my-world.com\/2-ludipilates\/event\/pilates-energie-a-faro-portugal\/#breadcrumb\"},\"inLanguage\":\"fr-FR\",\"potentialAction\":[{\"@type\":\"ReadAction\",\"target\":[\"https:\/\/in-my-world.com\/2-ludipilates\/event\/pilates-energie-a-faro-portugal\/\"]}]},{\"@type\":\"BreadcrumbList\",\"@id\":\"https:\/\/in-my-world.com\/2-ludipilates\/event\/pilates-energie-a-faro-portugal\/#breadcrumb\",\"itemListElement\":[{\"@type\":\"ListItem\",\"position\":1,\"name\":\"Home\",\"item\":\"https:\/\/in-my-world.com\/2-ludipilates\/\"},{\"@type\":\"ListItem\",\"position\":2,\"name\":\"\u00c9v\u00e8nements\",\"item\":\"https:\/\/in-my-world.com\/2-ludipilates\/events\/\"},{\"@type\":\"ListItem\",\"position\":3,\"name\":\"Pilates Energie \u00e0 Faro, Portugal\"}]},{\"@type\":\"WebSite\",\"@id\":\"https:\/\/in-my-world.com\/2-ludipilates\/#website\",\"url\":\"https:\/\/in-my-world.com\/2-ludipilates\/\",\"name\":\"Ludipilates\",\"description\":\"Pilates instructor Balanced Body &amp; Classique\",\"publisher\":{\"@id\":\"https:\/\/in-my-world.com\/2-ludipilates\/#organization\"},\"potentialAction\":[{\"@type\":\"SearchAction\",\"target\":{\"@type\":\"EntryPoint\",\"urlTemplate\":\"https:\/\/in-my-world.com\/2-ludipilates\/?s={search_term_string}\"},\"query-input\":\"required name=search_term_string\"}],\"inLanguage\":\"fr-FR\"},{\"@type\":\"Organization\",\"@id\":\"https:\/\/in-my-world.com\/2-ludipilates\/#organization\",\"name\":\"Ludipilates\",\"url\":\"https:\/\/in-my-world.com\/2-ludipilates\/\",\"logo\":{\"@type\":\"ImageObject\",\"inLanguage\":\"fr-FR\",\"@id\":\"https:\/\/in-my-world.com\/2-ludipilates\/#\/schema\/logo\/image\/\",\"url\":\"https:\/\/in-my-world.com\/2-ludipilates\/wp-content\/uploads\/2022\/10\/0922_Ludi@Kwerk_17-scaled.jpg\",\"contentUrl\":\"https:\/\/in-my-world.com\/2-ludipilates\/wp-content\/uploads\/2022\/10\/0922_Ludi@Kwerk_17-scaled.jpg\",\"width\":2560,\"height\":1707,\"caption\":\"Ludipilates\"},\"image\":{\"@id\":\"https:\/\/in-my-world.com\/2-ludipilates\/#\/schema\/logo\/image\/\"},\"sameAs\":[\"https:\/\/www.instagram.com\/ludipilates\/\",\"https:\/\/fr.linkedin.com\/in\/lugdivine-meytre-1a36b2\",\"https:\/\/fr-fr.facebook.com\/lugdivinemeytre\"]}]}<\/script>\n<!-- \/ Yoast SEO plugin. -->","yoast_head_json":{"title":"Pilates Energie \u00e0 Faro, Portugal - Ludipilates","robots":{"index":"index","follow":"follow","max-snippet":"max-snippet:-1","max-image-preview":"max-image-preview:large","max-video-preview":"max-video-preview:-1"},"canonical":"https:\/\/in-my-world.com\/2-ludipilates\/event\/pilates-energie-a-faro-portugal\/","og_locale":"fr_FR","og_type":"article","og_title":"Pilates Energie \u00e0 Faro, Portugal - Ludipilates","og_description":"PILATES energie \u00e0 CASA FUZETTA La Casa Fuzetta est une maison priv\u00e9e qui se situe \u00e0 Olhao, ravissant village de p\u00eacheurs, tout pr\u00e8s de Faro au Portugal. Elle a \u00e9t\u00e9 [&hellip;] + Lire la suite","og_url":"https:\/\/in-my-world.com\/2-ludipilates\/event\/pilates-energie-a-faro-portugal\/","og_site_name":"Ludipilates","article_publisher":"https:\/\/fr-fr.facebook.com\/lugdivinemeytre","article_modified_time":"2023-03-07T14:58:01+00:00","og_image":[{"width":2560,"height":1709,"url":"https:\/\/in-my-world.com\/2-ludipilates\/wp-content\/uploads\/2023\/03\/yoga-deck-casa-fuzetta-18-scaled.jpg","type":"image\/jpeg"}],"twitter_card":"summary_large_image","twitter_misc":{"Dur\u00e9e de lecture estim\u00e9e":"3 minutes"},"schema":{"@context":"https:\/\/schema.org","@graph":[{"@type":"WebPage","@id":"https:\/\/in-my-world.com\/2-ludipilates\/event\/pilates-energie-a-faro-portugal\/","url":"https:\/\/in-my-world.com\/2-ludipilates\/event\/pilates-energie-a-faro-portugal\/","name":"Pilates Energie \u00e0 Faro, Portugal - Ludipilates","isPartOf":{"@id":"https:\/\/in-my-world.com\/2-ludipilates\/#website"},"datePublished":"2023-03-07T14:36:59+00:00","dateModified":"2023-03-07T14:58:01+00:00","breadcrumb":{"@id":"https:\/\/in-my-world.com\/2-ludipilates\/event\/pilates-energie-a-faro-portugal\/#breadcrumb"},"inLanguage":"fr-FR","potentialAction":[{"@type":"ReadAction","target":["https:\/\/in-my-world.com\/2-ludipilates\/event\/pilates-energie-a-faro-portugal\/"]}]},{"@type":"BreadcrumbList","@id":"https:\/\/in-my-world.com\/2-ludipilates\/event\/pilates-energie-a-faro-portugal\/#breadcrumb","itemListElement":[{"@type":"ListItem","position":1,"name":"Home","item":"https:\/\/in-my-world.com\/2-ludipilates\/"},{"@type":"ListItem","position":2,"name":"\u00c9v\u00e8nements","item":"https:\/\/in-my-world.com\/2-ludipilates\/events\/"},{"@type":"ListItem","position":3,"name":"Pilates Energie \u00e0 Faro, Portugal"}]},{"@type":"WebSite","@id":"https:\/\/in-my-world.com\/2-ludipilates\/#website","url":"https:\/\/in-my-world.com\/2-ludipilates\/","name":"Ludipilates","description":"Pilates instructor Balanced Body &amp; Classique","publisher":{"@id":"https:\/\/in-my-world.com\/2-ludipilates\/#organization"},"potentialAction":[{"@type":"SearchAction","target":{"@type":"EntryPoint","urlTemplate":"https:\/\/in-my-world.com\/2-ludipilates\/?s={search_term_string}"},"query-input":"required name=search_term_string"}],"inLanguage":"fr-FR"},{"@type":"Organization","@id":"https:\/\/in-my-world.com\/2-ludipilates\/#organization","name":"Ludipilates","url":"https:\/\/in-my-world.com\/2-ludipilates\/","logo":{"@type":"ImageObject","inLanguage":"fr-FR","@id":"https:\/\/in-my-world.com\/2-ludipilates\/#\/schema\/logo\/image\/","url":"https:\/\/in-my-world.com\/2-ludipilates\/wp-content\/uploads\/2022\/10\/0922_Ludi@Kwerk_17-scaled.jpg","contentUrl":"https:\/\/in-my-world.com\/2-ludipilates\/wp-content\/uploads\/2022\/10\/0922_Ludi@Kwerk_17-scaled.jpg","width":2560,"height":1707,"caption":"Ludipilates"},"image":{"@id":"https:\/\/in-my-world.com\/2-ludipilates\/#\/schema\/logo\/image\/"},"sameAs":["https:\/\/www.instagram.com\/ludipilates\/","https:\/\/fr.linkedin.com\/in\/lugdivine-meytre-1a36b2","https:\/\/fr-fr.facebook.com\/lugdivinemeytre"]}]}},"ticketed":false,"_links":{"self":[{"href":"https:\/\/in-my-world.com\/2-ludipilates\/wp-json\/wp\/v2\/tribe_events\/45233","targetHints":{"allow":["GET"]}}],"collection":[{"href":"https:\/\/in-my-world.com\/2-ludipilates\/wp-json\/wp\/v2\/tribe_events"}],"about":[{"href":"https:\/\/in-my-world.com\/2-ludipilates\/wp-json\/wp\/v2\/types\/tribe_events"}],"author":[{"embeddable":true,"href":"https:\/\/in-my-world.com\/2-ludipilates\/wp-json\/wp\/v2\/users\/4875"}],"replies":[{"embeddable":true,"href":"https:\/\/in-my-world.com\/2-ludipilates\/wp-json\/wp\/v2\/comments?post=45233"}],"version-history":[{"count":3,"href":"https:\/\/in-my-world.com\/2-ludipilates\/wp-json\/wp\/v2\/tribe_events\/45233\/revisions"}],"predecessor-version":[{"id":45242,"href":"https:\/\/in-my-world.com\/2-ludipilates\/wp-json\/wp\/v2\/tribe_events\/45233\/revisions\/45242"}],"wp:featuredmedia":[{"embeddable":true,"href":"https:\/\/in-my-world.com\/2-ludipilates\/wp-json\/wp\/v2\/media\/45238"}],"wp:attachment":[{"href":"https:\/\/in-my-world.com\/2-ludipilates\/wp-json\/wp\/v2\/media?parent=45233"}],"wp:term":[{"taxonomy":"post_tag","embeddable":true,"href":"https:\/\/in-my-world.com\/2-ludipilates\/wp-json\/wp\/v2\/tags?post=45233"},{"taxonomy":"tribe_events_cat","embeddable":true,"href":"https:\/\/in-my-world.com\/2-ludipilates\/wp-json\/wp\/v2\/tribe_events_cat?post=45233"}],"curies":[{"name":"wp","href":"https:\/\/api.w.org\/{rel}","templated":true}]}}