{"id":43768,"date":"2022-12-06T09:17:56","date_gmt":"2022-12-06T08:17:56","guid":{"rendered":"https:\/\/in-my-world.com\/2-ludipilates\/?post_type=tribe_events&#038;p=43768"},"modified":"2022-12-06T09:21:05","modified_gmt":"2022-12-06T08:21:05","slug":"les-sources-de-cheverny-12-au-14-mars-2023","status":"publish","type":"tribe_events","link":"https:\/\/in-my-world.com\/2-ludipilates\/event\/les-sources-de-cheverny-12-au-14-mars-2023\/","title":{"rendered":"Les Sources De Cheverny &#8211; 12 au 14 mars 2023"},"content":{"rendered":"<p><strong>Faites le plein d\u2019\u00e9nergie avec Ludipilates du<\/strong>\u00a012 au 14 mars 2023. 3 jours d\u2019escapade au coeur du Val de Loire pour se recentrer, travailler sa pratique, partager des moments conviviaux et savourer l\u2019environnement verdoyant des Sources de Cheverny. L\u2019occasion de se faire du bien et\u00a0<strong>recharger les batteries pour le printemps<\/strong>.<\/p>\n<p><strong>Au programme<\/strong>\u00a0:<br \/>\n\u2013 Deux s\u00e9ances de 2h, deux fois par jour qui comprendront : du Pilates avec petits accessoires (bande \u00e9lastique, petit ballon), des \u00e9tirements et des rituels bien-\u00eatre \u00e0 faire quotidiennement pour \u00eatre bien dans sa t\u00eate et dans son corps.<br \/>\n\u2013 Des balades \u00e0 pied ou \u00e0 v\u00e9lo \u00e0 travers la campagne lig\u00e9rienne, \u00e0 la d\u00e9couverte de Cheverny<br \/>\n\u2013 1 collation le matin<br \/>\n\u2013 2 repas par jour sains et gourmands faits par le Chef Fr\u00e9d\u00e9ric Calmels<br \/>\n\u2013 La possibilit\u00e9 d\u2019organiser des soins au Spa by Caudalie (\u00e0 r\u00e9server en suppl\u00e9ment). D\u00e9couvrez la brochure du Spa by Caudalie\u00a0<a href=\"https:\/\/www.sources-cheverny.com\/wp-content\/uploads\/2020\/07\/LesSourcesDeCheverny_BrochureSpa.pdf\">ici.<\/a><\/p>\n<p>L\u2019objectif de cette parenth\u00e8se sportive est de prendre le temps de se (re)connecter \u00e0 son corps, de prendre le temps de se faire du bien \u00e0 travers des mouvements de Pilates, des respirations conscientes et des marches dans ce cadre magnifique.<\/p>\n<p><strong>Tarifs et inscription<\/strong><\/p>\n<p>Les tarifs comprennent : l\u2019h\u00e9bergement aux Sources de Cheverny, les repas frais et de saison, l\u2019ensemble des pratiques de Pilates en groupe organis\u00e9es.<br \/>\nLes tarifs ne comprennent pas : les transports jusqu\u2019aux Sources de Cheverny et les soins au Spa by Caudalie<\/p>\n<p><u>A partir de :<\/u><\/p>\n<p>Chambre Sup\u00e9rieure single : 1 108\u20ac<br \/>\nChambre Sup\u00e9rieure double : 883\u20ac par personne<br \/>\nChambre Prestige single : 1 288\u20ac<br \/>\nChambre Prestige double : 973\u20ac par personne<br \/>\nJunior Suite single : 1 468\u20ac<br \/>\nJunior Suite double : 1 063\u20ac par personne<\/p>\n<p>Lien de r\u00e9servation : <a href=\"https:\/\/www.sources-cheverny.com\/offre-speciale\/escapade-de-ludipilates\/\">Escapade de Ludipilates &#8211; Les Sources de Cheverny (sources-cheverny.com)<\/a><\/p>\n","protected":false},"excerpt":{"rendered":"<p>Faites le plein d\u2019\u00e9nergie avec Ludipilates du\u00a012 au 14 mars 2023. 3 jours d\u2019escapade au coeur du Val de Loire pour se recentrer, travailler sa pratique, partager des moments conviviaux [&hellip;] <\/p>\n<p class=\"link-more\"><a href=\"https:\/\/in-my-world.com\/2-ludipilates\/event\/les-sources-de-cheverny-12-au-14-mars-2023\/\">+ Lire la suite<\/a><\/p>\n","protected":false},"author":4875,"featured_media":32718,"comment_status":"closed","ping_status":"closed","template":"","meta":{"_price":"","_stock":"","_tribe_ticket_header":"","_tribe_default_ticket_provider":"Tribe__Tickets_Plus__Commerce__WooCommerce__Main","_tribe_ticket_capacity":"","_ticket_start_date":"","_ticket_end_date":"","_tribe_ticket_show_description":"","_tribe_ticket_show_not_going":false,"_tribe_ticket_use_global_stock":"","_tribe_ticket_global_stock_level":"","_global_stock_mode":"","_global_stock_cap":"","_tribe_rsvp_for_event":"","_tribe_ticket_going_count":"","_tribe_ticket_not_going_count":"","_tribe_tickets_list":[],"_tribe_ticket_has_attendee_info_fields":false,"_tribe_events_status":"","_tribe_events_status_reason":"","_tribe_events_is_hybrid":"","_tribe_events_is_virtual":"","_tribe_events_virtual_video_source":"","_tribe_events_virtual_embed_video":"","_tribe_events_virtual_linked_button_text":"","_tribe_events_virtual_linked_button":"","_tribe_events_virtual_show_embed_at":"","_tribe_events_virtual_show_embed_to":"","_tribe_events_virtual_show_on_event":"","_tribe_events_virtual_show_on_views":"","_tribe_events_virtual_url":"","footnotes":""},"tags":[],"tribe_events_cat":[108],"class_list":["post-43768","tribe_events","type-tribe_events","status-publish","has-post-thumbnail","hentry","tribe_events_cat-retraites","cat_retraites"],"yoast_head":"<!-- This site is optimized with the Yoast SEO plugin v19.9 - https:\/\/yoast.com\/wordpress\/plugins\/seo\/ -->\n<title>Les Sources De Cheverny - 12 au 14 mars 2023 - Ludipilates<\/title>\n<meta name=\"description\" content=\"Une session de 2h le matin dynamique avec utilisation des bandes et des petits ballons pour challenger et renforcer en profondeur la sangle abdominale. Une session de \u00ab pilates flow \u00bb d\u20191h30 le soir plus soft pour terminer la journ\u00e9e en douceur !\" \/>\n<meta name=\"robots\" content=\"index, follow, max-snippet:-1, max-image-preview:large, max-video-preview:-1\" \/>\n<link rel=\"canonical\" href=\"https:\/\/in-my-world.com\/2-ludipilates\/event\/les-sources-de-cheverny-12-au-14-mars-2023\/\" \/>\n<meta property=\"og:locale\" content=\"fr_FR\" \/>\n<meta property=\"og:type\" content=\"article\" \/>\n<meta property=\"og:title\" content=\"Pilates Cocoon \u00e0 Etretat - 5 au 7 f\u00e9vrier 2023\" \/>\n<meta property=\"og:description\" content=\"Une session de 2h le matin dynamique avec utilisation des bandes et des petits ballons pour challenger et renforcer en profondeur la sangle abdominale. Une session de \u00ab pilates flow \u00bb d\u20191h30 le soir plus soft pour terminer la journ\u00e9e en douceur !\" \/>\n<meta property=\"og:url\" content=\"https:\/\/in-my-world.com\/2-ludipilates\/event\/les-sources-de-cheverny-12-au-14-mars-2023\/\" \/>\n<meta property=\"og:site_name\" content=\"Ludipilates\" \/>\n<meta property=\"article:publisher\" content=\"https:\/\/fr-fr.facebook.com\/lugdivinemeytre\" \/>\n<meta property=\"article:modified_time\" content=\"2022-12-06T08:21:05+00:00\" \/>\n<meta property=\"og:image\" content=\"https:\/\/in-my-world.com\/2-ludipilates\/wp-content\/uploads\/2021\/02\/70bba945-e9a6-4f28-94cd-2cfffed3b646-1.jpg\" \/>\n\t<meta property=\"og:image:width\" content=\"1024\" \/>\n\t<meta property=\"og:image:height\" content=\"768\" \/>\n\t<meta property=\"og:image:type\" content=\"image\/jpeg\" \/>\n<meta name=\"twitter:card\" content=\"summary_large_image\" \/>\n<meta name=\"twitter:title\" content=\"Pilates Cocoon \u00e0 Etretat - 5 au 7 f\u00e9vrier 2023\" \/>\n<meta name=\"twitter:description\" content=\"Une session de 2h le matin dynamique avec utilisation des bandes et des petits ballons pour challenger et renforcer en profondeur la sangle abdominale. Une session de \u00ab pilates flow \u00bb d\u20191h30 le soir plus soft pour terminer la journ\u00e9e en douceur !\" \/>\n<meta name=\"twitter:image\" content=\"https:\/\/in-my-world.com\/2-ludipilates\/wp-content\/uploads\/2021\/02\/70bba945-e9a6-4f28-94cd-2cfffed3b646-1.jpg\" \/>\n<meta name=\"twitter:label1\" content=\"Dur\u00e9e de lecture estim\u00e9e\" \/>\n\t<meta name=\"twitter:data1\" content=\"2 minutes\" \/>\n<script type=\"application\/ld+json\" class=\"yoast-schema-graph\">{\"@context\":\"https:\/\/schema.org\",\"@graph\":[{\"@type\":\"WebPage\",\"@id\":\"https:\/\/in-my-world.com\/2-ludipilates\/event\/les-sources-de-cheverny-12-au-14-mars-2023\/\",\"url\":\"https:\/\/in-my-world.com\/2-ludipilates\/event\/les-sources-de-cheverny-12-au-14-mars-2023\/\",\"name\":\"Les Sources De Cheverny - 12 au 14 mars 2023 - Ludipilates\",\"isPartOf\":{\"@id\":\"https:\/\/in-my-world.com\/2-ludipilates\/#website\"},\"datePublished\":\"2022-12-06T08:17:56+00:00\",\"dateModified\":\"2022-12-06T08:21:05+00:00\",\"description\":\"Une session de 2h le matin dynamique avec utilisation des bandes et des petits ballons pour challenger et renforcer en profondeur la sangle abdominale. Une session de \u00ab pilates flow \u00bb d\u20191h30 le soir plus soft pour terminer la journ\u00e9e en douceur !\",\"breadcrumb\":{\"@id\":\"https:\/\/in-my-world.com\/2-ludipilates\/event\/les-sources-de-cheverny-12-au-14-mars-2023\/#breadcrumb\"},\"inLanguage\":\"fr-FR\",\"potentialAction\":[{\"@type\":\"ReadAction\",\"target\":[\"https:\/\/in-my-world.com\/2-ludipilates\/event\/les-sources-de-cheverny-12-au-14-mars-2023\/\"]}]},{\"@type\":\"BreadcrumbList\",\"@id\":\"https:\/\/in-my-world.com\/2-ludipilates\/event\/les-sources-de-cheverny-12-au-14-mars-2023\/#breadcrumb\",\"itemListElement\":[{\"@type\":\"ListItem\",\"position\":1,\"name\":\"Home\",\"item\":\"https:\/\/in-my-world.com\/2-ludipilates\/\"},{\"@type\":\"ListItem\",\"position\":2,\"name\":\"\u00c9v\u00e8nements\",\"item\":\"https:\/\/in-my-world.com\/2-ludipilates\/events\/\"},{\"@type\":\"ListItem\",\"position\":3,\"name\":\"Les Sources De Cheverny &#8211; 12 au 14 mars 2023\"}]},{\"@type\":\"WebSite\",\"@id\":\"https:\/\/in-my-world.com\/2-ludipilates\/#website\",\"url\":\"https:\/\/in-my-world.com\/2-ludipilates\/\",\"name\":\"Ludipilates\",\"description\":\"Pilates instructor Balanced Body &amp; Classique\",\"publisher\":{\"@id\":\"https:\/\/in-my-world.com\/2-ludipilates\/#organization\"},\"potentialAction\":[{\"@type\":\"SearchAction\",\"target\":{\"@type\":\"EntryPoint\",\"urlTemplate\":\"https:\/\/in-my-world.com\/2-ludipilates\/?s={search_term_string}\"},\"query-input\":\"required name=search_term_string\"}],\"inLanguage\":\"fr-FR\"},{\"@type\":\"Organization\",\"@id\":\"https:\/\/in-my-world.com\/2-ludipilates\/#organization\",\"name\":\"Ludipilates\",\"url\":\"https:\/\/in-my-world.com\/2-ludipilates\/\",\"logo\":{\"@type\":\"ImageObject\",\"inLanguage\":\"fr-FR\",\"@id\":\"https:\/\/in-my-world.com\/2-ludipilates\/#\/schema\/logo\/image\/\",\"url\":\"https:\/\/in-my-world.com\/2-ludipilates\/wp-content\/uploads\/2022\/10\/0922_Ludi@Kwerk_17-scaled.jpg\",\"contentUrl\":\"https:\/\/in-my-world.com\/2-ludipilates\/wp-content\/uploads\/2022\/10\/0922_Ludi@Kwerk_17-scaled.jpg\",\"width\":2560,\"height\":1707,\"caption\":\"Ludipilates\"},\"image\":{\"@id\":\"https:\/\/in-my-world.com\/2-ludipilates\/#\/schema\/logo\/image\/\"},\"sameAs\":[\"https:\/\/www.instagram.com\/ludipilates\/\",\"https:\/\/fr.linkedin.com\/in\/lugdivine-meytre-1a36b2\",\"https:\/\/fr-fr.facebook.com\/lugdivinemeytre\"]}]}<\/script>\n<!-- \/ Yoast SEO plugin. -->","yoast_head_json":{"title":"Les Sources De Cheverny - 12 au 14 mars 2023 - Ludipilates","description":"Une session de 2h le matin dynamique avec utilisation des bandes et des petits ballons pour challenger et renforcer en profondeur la sangle abdominale. Une session de \u00ab pilates flow \u00bb d\u20191h30 le soir plus soft pour terminer la journ\u00e9e en douceur !","robots":{"index":"index","follow":"follow","max-snippet":"max-snippet:-1","max-image-preview":"max-image-preview:large","max-video-preview":"max-video-preview:-1"},"canonical":"https:\/\/in-my-world.com\/2-ludipilates\/event\/les-sources-de-cheverny-12-au-14-mars-2023\/","og_locale":"fr_FR","og_type":"article","og_title":"Pilates Cocoon \u00e0 Etretat - 5 au 7 f\u00e9vrier 2023","og_description":"Une session de 2h le matin dynamique avec utilisation des bandes et des petits ballons pour challenger et renforcer en profondeur la sangle abdominale. Une session de \u00ab pilates flow \u00bb d\u20191h30 le soir plus soft pour terminer la journ\u00e9e en douceur !","og_url":"https:\/\/in-my-world.com\/2-ludipilates\/event\/les-sources-de-cheverny-12-au-14-mars-2023\/","og_site_name":"Ludipilates","article_publisher":"https:\/\/fr-fr.facebook.com\/lugdivinemeytre","article_modified_time":"2022-12-06T08:21:05+00:00","og_image":[{"width":1024,"height":768,"url":"https:\/\/in-my-world.com\/2-ludipilates\/wp-content\/uploads\/2021\/02\/70bba945-e9a6-4f28-94cd-2cfffed3b646-1.jpg","type":"image\/jpeg"}],"twitter_card":"summary_large_image","twitter_title":"Pilates Cocoon \u00e0 Etretat - 5 au 7 f\u00e9vrier 2023","twitter_description":"Une session de 2h le matin dynamique avec utilisation des bandes et des petits ballons pour challenger et renforcer en profondeur la sangle abdominale. Une session de \u00ab pilates flow \u00bb d\u20191h30 le soir plus soft pour terminer la journ\u00e9e en douceur !","twitter_image":"https:\/\/in-my-world.com\/2-ludipilates\/wp-content\/uploads\/2021\/02\/70bba945-e9a6-4f28-94cd-2cfffed3b646-1.jpg","twitter_misc":{"Dur\u00e9e de lecture estim\u00e9e":"2 minutes"},"schema":{"@context":"https:\/\/schema.org","@graph":[{"@type":"WebPage","@id":"https:\/\/in-my-world.com\/2-ludipilates\/event\/les-sources-de-cheverny-12-au-14-mars-2023\/","url":"https:\/\/in-my-world.com\/2-ludipilates\/event\/les-sources-de-cheverny-12-au-14-mars-2023\/","name":"Les Sources De Cheverny - 12 au 14 mars 2023 - Ludipilates","isPartOf":{"@id":"https:\/\/in-my-world.com\/2-ludipilates\/#website"},"datePublished":"2022-12-06T08:17:56+00:00","dateModified":"2022-12-06T08:21:05+00:00","description":"Une session de 2h le matin dynamique avec utilisation des bandes et des petits ballons pour challenger et renforcer en profondeur la sangle abdominale. Une session de \u00ab pilates flow \u00bb d\u20191h30 le soir plus soft pour terminer la journ\u00e9e en douceur !","breadcrumb":{"@id":"https:\/\/in-my-world.com\/2-ludipilates\/event\/les-sources-de-cheverny-12-au-14-mars-2023\/#breadcrumb"},"inLanguage":"fr-FR","potentialAction":[{"@type":"ReadAction","target":["https:\/\/in-my-world.com\/2-ludipilates\/event\/les-sources-de-cheverny-12-au-14-mars-2023\/"]}]},{"@type":"BreadcrumbList","@id":"https:\/\/in-my-world.com\/2-ludipilates\/event\/les-sources-de-cheverny-12-au-14-mars-2023\/#breadcrumb","itemListElement":[{"@type":"ListItem","position":1,"name":"Home","item":"https:\/\/in-my-world.com\/2-ludipilates\/"},{"@type":"ListItem","position":2,"name":"\u00c9v\u00e8nements","item":"https:\/\/in-my-world.com\/2-ludipilates\/events\/"},{"@type":"ListItem","position":3,"name":"Les Sources De Cheverny &#8211; 12 au 14 mars 2023"}]},{"@type":"WebSite","@id":"https:\/\/in-my-world.com\/2-ludipilates\/#website","url":"https:\/\/in-my-world.com\/2-ludipilates\/","name":"Ludipilates","description":"Pilates instructor Balanced Body &amp; Classique","publisher":{"@id":"https:\/\/in-my-world.com\/2-ludipilates\/#organization"},"potentialAction":[{"@type":"SearchAction","target":{"@type":"EntryPoint","urlTemplate":"https:\/\/in-my-world.com\/2-ludipilates\/?s={search_term_string}"},"query-input":"required name=search_term_string"}],"inLanguage":"fr-FR"},{"@type":"Organization","@id":"https:\/\/in-my-world.com\/2-ludipilates\/#organization","name":"Ludipilates","url":"https:\/\/in-my-world.com\/2-ludipilates\/","logo":{"@type":"ImageObject","inLanguage":"fr-FR","@id":"https:\/\/in-my-world.com\/2-ludipilates\/#\/schema\/logo\/image\/","url":"https:\/\/in-my-world.com\/2-ludipilates\/wp-content\/uploads\/2022\/10\/0922_Ludi@Kwerk_17-scaled.jpg","contentUrl":"https:\/\/in-my-world.com\/2-ludipilates\/wp-content\/uploads\/2022\/10\/0922_Ludi@Kwerk_17-scaled.jpg","width":2560,"height":1707,"caption":"Ludipilates"},"image":{"@id":"https:\/\/in-my-world.com\/2-ludipilates\/#\/schema\/logo\/image\/"},"sameAs":["https:\/\/www.instagram.com\/ludipilates\/","https:\/\/fr.linkedin.com\/in\/lugdivine-meytre-1a36b2","https:\/\/fr-fr.facebook.com\/lugdivinemeytre"]}]}},"ticketed":false,"_links":{"self":[{"href":"https:\/\/in-my-world.com\/2-ludipilates\/wp-json\/wp\/v2\/tribe_events\/43768","targetHints":{"allow":["GET"]}}],"collection":[{"href":"https:\/\/in-my-world.com\/2-ludipilates\/wp-json\/wp\/v2\/tribe_events"}],"about":[{"href":"https:\/\/in-my-world.com\/2-ludipilates\/wp-json\/wp\/v2\/types\/tribe_events"}],"author":[{"embeddable":true,"href":"https:\/\/in-my-world.com\/2-ludipilates\/wp-json\/wp\/v2\/users\/4875"}],"replies":[{"embeddable":true,"href":"https:\/\/in-my-world.com\/2-ludipilates\/wp-json\/wp\/v2\/comments?post=43768"}],"version-history":[{"count":3,"href":"https:\/\/in-my-world.com\/2-ludipilates\/wp-json\/wp\/v2\/tribe_events\/43768\/revisions"}],"predecessor-version":[{"id":43772,"href":"https:\/\/in-my-world.com\/2-ludipilates\/wp-json\/wp\/v2\/tribe_events\/43768\/revisions\/43772"}],"wp:featuredmedia":[{"embeddable":true,"href":"https:\/\/in-my-world.com\/2-ludipilates\/wp-json\/wp\/v2\/media\/32718"}],"wp:attachment":[{"href":"https:\/\/in-my-world.com\/2-ludipilates\/wp-json\/wp\/v2\/media?parent=43768"}],"wp:term":[{"taxonomy":"post_tag","embeddable":true,"href":"https:\/\/in-my-world.com\/2-ludipilates\/wp-json\/wp\/v2\/tags?post=43768"},{"taxonomy":"tribe_events_cat","embeddable":true,"href":"https:\/\/in-my-world.com\/2-ludipilates\/wp-json\/wp\/v2\/tribe_events_cat?post=43768"}],"curies":[{"name":"wp","href":"https:\/\/api.w.org\/{rel}","templated":true}]}}